{"id":1533,"date":"2024-11-13T17:42:46","date_gmt":"2024-11-13T16:42:46","guid":{"rendered":"https:\/\/www.hoteldelaplage.com\/partners\/"},"modified":"2025-01-19T10:01:47","modified_gmt":"2025-01-19T09:01:47","slug":"partners","status":"publish","type":"page","link":"https:\/\/www.hoteldelaplage.com\/en\/partners\/","title":{"rendered":"Partners"},"content":{"rendered":"\n<section class=\"wp-block-group alignfull\"><div class=\"wp-block-group__inner-container is-layout-constrained wp-block-group-is-layout-constrained\">\n<p class=\"has-text-align-center suptitle has-blue-color has-text-color has-link-color wp-elements-235adc0648d3d7626237287cf6259c03\" style=\"font-style:normal;font-weight:600;text-transform:uppercase\">Our local partners<\/p>\n\n\n\n<h2 class=\"wp-block-heading has-text-align-center\">Meeting the region&#8217;s talents<\/h2>\n\n\n\n<div class=\"wp-block-columns is-layout-flex wp-container-core-columns-is-layout-9d6595d7 wp-block-columns-is-layout-flex\">\n<div class=\"wp-block-column is-layout-flow wp-block-column-is-layout-flow\" style=\"flex-basis:25%\"><\/div>\n\n\n\n<div class=\"wp-block-column is-layout-flow wp-block-column-is-layout-flow\" style=\"flex-basis:50%\">\n<p class=\"has-text-align-center\">Discover our selection of local restaurants and artisans, true ambassadors of the know-how and flavors of Saint-Jean-de-Luz. An invitation to experience Basque authenticity.<\/p>\n<\/div>\n\n\n\n<div class=\"wp-block-column is-layout-flow wp-block-column-is-layout-flow\" style=\"flex-basis:25%\"><\/div>\n<\/div>\n\n\n\t<script type=\"text\/javascript\">\r\n\t\tvar distObjects = {\"type\":\"FeatureCollection\",\"features\":[{\"geometry\":{\"type\":\"Point\",\"coordinates\":[-1.6603105224463566,43.39105811799382]},\"type\":\"Feature\",\"id\":0,\"properties\":{\"name\":\"Erdiko\",\"address\":\"Pl. Maurice Ravel, \\r\\n64500 Saint-Jean-de-Luz\",\"phone\":\"05.59.51.51.29\",\"type\":\"restaurant\",\"excerpt\":\"Bar \\u00e0 Tapas et gourmandises\",\"website\":\"https:\\\/\\\/www.thalazur.fr\\\/saint-jean-de-luz\\\/hotel\\\/bar\\\/\",\"lat\":43.39105811799382,\"lng\":-1.6603105224463566}},{\"geometry\":{\"type\":\"Point\",\"coordinates\":[-1.6638138438872707,43.3887768965015]},\"type\":\"Feature\",\"id\":1,\"properties\":{\"name\":\"Le Kaiku\",\"address\":\"17 Rue de la R\\u00e9publique, \\r\\n64500 Saint-Jean-de-Luz\",\"phone\":\"05.59.26.13.20\",\"type\":\"restaurant\",\"excerpt\":\"Gastronomique\",\"website\":\"https:\\\/\\\/www.kaiku.fr\\\/\",\"lat\":43.3887768965015,\"lng\":-1.6638138438872707}},{\"geometry\":{\"type\":\"Point\",\"coordinates\":[-1.6624541819661873,43.387778908771786]},\"type\":\"Feature\",\"id\":2,\"properties\":{\"name\":\"Xaya\",\"address\":\"5 Rue Saint-Jean, \\r\\n64500 Saint-Jean-de-Luz\",\"phone\":\"05.59.47.75.48\",\"type\":\"restaurant\",\"excerpt\":\"Cuisine du march\\u00e9\\\/ raffin\\u00e9e et locale\",\"website\":\"https:\\\/\\\/xaya.fr\\\/\",\"lat\":43.387778908771786,\"lng\":-1.6624541819661873}},{\"geometry\":{\"type\":\"Point\",\"coordinates\":[-1.6622344598773273,43.38899434815821]},\"type\":\"Feature\",\"id\":3,\"properties\":{\"name\":\"Istincts\",\"address\":\"20 Rue Joseph Garat, \\r\\n64500 Saint-Jean-de-Luz\",\"phone\":\"05.59.24.66.98\",\"type\":\"restaurant\",\"excerpt\":\"Cuisine d\\u2019auteur - N\\u00e9o bistrot\",\"website\":\"https:\\\/\\\/restaurant-instincts.com\\\/\",\"lat\":43.38899434815821,\"lng\":-1.6622344598773273}},{\"geometry\":{\"type\":\"Point\",\"coordinates\":[-1.6625298377884854,43.38960679738637]},\"type\":\"Feature\",\"id\":4,\"properties\":{\"name\":\"Piper Beltz\",\"address\":\"29 Rue Joseph Garat, \\r\\n64500 Saint-Jean-de-Luz\",\"phone\":\"05.59.24.46.32\",\"type\":\"restaurant\",\"excerpt\":\"Cr\\u00eaperie\",\"website\":null,\"lat\":43.38960679738637,\"lng\":-1.6625298377884854}},{\"geometry\":{\"type\":\"Point\",\"coordinates\":[-1.6602208132031606,43.387254025334116]},\"type\":\"Feature\",\"id\":5,\"properties\":{\"name\":\"Bodega Chez Kako\",\"address\":\"18 Rue du Mar\\u00e9chal Harispe, \\r\\n64500 Saint-Jean-de-Luz\",\"phone\":\"05.59.85.10.70\",\"type\":\"restaurant\",\"excerpt\":\"Restaurant du terroir\",\"website\":\"https:\\\/\\\/www.restaurant-kako-saintjeandeluz.com\\\/\",\"lat\":43.387254025334116,\"lng\":-1.6602208132031606}},{\"geometry\":{\"type\":\"Point\",\"coordinates\":[-1.6602083533740195,43.38910548020462]},\"type\":\"Feature\",\"id\":6,\"properties\":{\"name\":\"La Bo\\u00ebte\",\"address\":\"3 Rue Jean Bague, \\r\\n64500 Saint-Jean-de-Luz\",\"phone\":\"05.59.22.54.76\",\"type\":\"restaurant\",\"excerpt\":\"Poisson\\\/Crustac\\u00e9s\\\/Fruits de mer\",\"website\":\"https:\\\/\\\/www.rezto.net\\\/reztomembers\\\/la-boete\\\/\",\"lat\":43.38910548020462,\"lng\":-1.6602083533740195}},{\"geometry\":{\"type\":\"Point\",\"coordinates\":[-1.661987939637261,43.387678809029374]},\"type\":\"Feature\",\"id\":7,\"properties\":{\"name\":\"Alma\",\"address\":\"6 Rue du 17 Pluvi\\u00f4se, \\r\\n64500 Saint-Jean-de-Luz\",\"phone\":\"09.83.66.89.87\",\"type\":\"restaurant\",\"excerpt\":\"Bistronomie\",\"website\":\"https:\\\/\\\/www.restaurantalma.fr\\\/\",\"lat\":43.387678809029374,\"lng\":-1.661987939637261}},{\"geometry\":{\"type\":\"Point\",\"coordinates\":[-1.6606535377885565,43.38790552720608]},\"type\":\"Feature\",\"id\":8,\"properties\":{\"name\":\"Le Xistera\",\"address\":\"1 Rue Renau d'Elissagaray, \\r\\n64500 Saint-Jean-de-Luz\",\"phone\":\"05.54.61.70.14\",\"type\":\"restaurant\",\"excerpt\":\"Cuisine du march\\u00e9\",\"website\":null,\"lat\":43.38790552720608,\"lng\":-1.6606535377885565}},{\"geometry\":{\"type\":\"Point\",\"coordinates\":[-1.6588906266964125,43.39070068211233]},\"type\":\"Feature\",\"id\":9,\"properties\":{\"name\":\"Bellini\",\"address\":\"31 Rue Martin de Sopite, \\r\\n64500 Saint-Jean-de-Luz\",\"phone\":\"05.59.26.30.10\",\"type\":\"restaurant\",\"excerpt\":\"Restaurant Traditionnel Italien (produits frais)\",\"website\":\"https:\\\/\\\/restaurantbellini.fr\\\/\",\"lat\":43.39070068211233,\"lng\":-1.6588906266964125}},{\"geometry\":{\"type\":\"Point\",\"coordinates\":[-1.6593985266965534,43.387157449812065]},\"type\":\"Feature\",\"id\":10,\"properties\":{\"name\":\"Chez Pablo\",\"address\":\"5 Rue Mademoiselle Etcheto, \\r\\n64500 Saint-Jean-de-Luz\",\"phone\":\"05.59.26.37.81\",\"type\":\"restaurant\",\"excerpt\":\"Cuisine Basque traditionnelle\",\"website\":\"https:\\\/\\\/restaurant-chez-pablo.com\\\/\",\"lat\":43.387157449812065,\"lng\":-1.6593985266965534}},{\"geometry\":{\"type\":\"Point\",\"coordinates\":[-1.659675607104193,43.39177652386285]},\"type\":\"Feature\",\"id\":11,\"properties\":{\"name\":\"L\\u2019essentiel\",\"address\":\"3 Rue Vincent Barjonnet, \\r\\n64500 Saint-Jean-de-Luz\",\"phone\":\"05.47.02.41.47\",\"type\":\"restaurant\",\"excerpt\":\"Brasserie Gastronomique\",\"website\":\"https:\\\/\\\/lessentiel-saint-jean-de-luz.fr\\\/\",\"lat\":43.39177652386285,\"lng\":-1.659675607104193}},{\"geometry\":{\"type\":\"Point\",\"coordinates\":[-1.6643429954595674,43.38888802218109]},\"type\":\"Feature\",\"id\":12,\"properties\":{\"name\":\"Bidaian\",\"address\":\"20 Rue de la Baleine, \\r\\n64500 Saint-Jean-de-Luz\",\"phone\":\"06.68.86.11.56\",\"type\":\"restaurant\",\"excerpt\":\"Mini restaurant Gastronomique\",\"website\":\"https:\\\/\\\/bidaian-saint-jean-de-luz.eatbu.com\\\/?lang=fr\",\"lat\":43.38888802218109,\"lng\":-1.6643429954595674}},{\"geometry\":{\"type\":\"Point\",\"coordinates\":[-1.664379474571455,43.38825962339361]},\"type\":\"Feature\",\"id\":13,\"properties\":{\"name\":\"Zoko Moko\",\"address\":\"6 Rue Mazarin, \\r\\n64500 Saint-Jean-de-Luz\",\"phone\":\"05.59.08.01.23\",\"type\":\"restaurant\",\"excerpt\":\"Sobre et Classique saveur Basque et Marine\",\"website\":\"https:\\\/\\\/www.facebook.com\\\/zoko6moko\\\/\",\"lat\":43.38825962339361,\"lng\":-1.664379474571455}},{\"geometry\":{\"type\":\"Point\",\"coordinates\":[-1.668672857380914,43.38278032902871]},\"type\":\"Feature\",\"id\":14,\"properties\":{\"name\":\"Chez Mattin\",\"address\":\"63 Rue Evariste Baignol, \\r\\n64500 Ciboure\",\"phone\":\"05.59.47.19.52\",\"type\":\"restaurant\",\"excerpt\":\"Cuisine Traditionnelle soign\\u00e9e Terre\\\/Mer\",\"website\":\"https:\\\/\\\/www.chezmattin.fr\\\/\",\"lat\":43.38278032902871,\"lng\":-1.668672857380914}},{\"geometry\":{\"type\":\"Point\",\"coordinates\":[-1.6594339536833305,43.38919970511652]},\"type\":\"Feature\",\"id\":15,\"properties\":{\"name\":\"Maison Adam\",\"address\":\"49 Rue L\\u00e9on Gambetta, \\r\\n64500 Saint-Jean-de-Luz\",\"phone\":\"05.59.26.03.54\",\"type\":\"macaron\",\"excerpt\":\"Depuis 360 ans, au c\\u0153ur de la demeure familiale, le secret de fabrication des macarons\\r\\nAdam se transmet oralement de g\\u00e9n\\u00e9ration en g\\u00e9n\\u00e9ration.\",\"website\":\"https:\\\/\\\/www.maisonadam.fr\\\/fr\\\/\",\"lat\":43.38919970511652,\"lng\":-1.6594339536833305}},{\"geometry\":{\"type\":\"Point\",\"coordinates\":[-1.6629622377885582,43.38817942671283]},\"type\":\"Feature\",\"id\":16,\"properties\":{\"name\":\"Maison Paries\",\"address\":\"9 Rue L\\u00e9on Gambetta, \\r\\n64500 Saint-Jean-de-Luz\",\"phone\":\"05.59.26.01.46\",\"type\":\"tarte\",\"excerpt\":\"La Maison Pari\\u00e8s est un symbole de la patisserie et des gourmandises \\u00e0 Saint-Jean-de-\\r\\nLuz. Install\\u00e9 dans la rue pi\\u00e9tonne, elle propose des mouchous, kanougas, chocolats, des\\r\\ng\\u00e2teaux basques aux recettes originales...\",\"website\":\"https:\\\/\\\/www.paries.fr\\\/\",\"lat\":43.38817942671283,\"lng\":-1.6629622377885582}},{\"geometry\":{\"type\":\"Point\",\"coordinates\":[-1.66064566273615,43.389264753942875]},\"type\":\"Feature\",\"id\":17,\"properties\":{\"name\":\"Glace Bargeton\",\"address\":\"23 Rue Joseph Garat, \\r\\n64500 Saint-Jean-de-Luz\",\"phone\":\"05.54.61.76,69\",\"type\":\"glace\",\"excerpt\":\"Sp\\u00e9cialis\\u00e9s dans la fabrication de cr\\u00e8mes glac\\u00e9es, sorbets et p\\u00e2tisseries glac\\u00e9es, toutes\\r\\nles pr\\u00e9parations sont r\\u00e9alis\\u00e9es dans notre laboratoire de production sur place. MOF,\\r\\nchampion du monde glacier 2003, meilleure glace \\u00e0 la vanille de France en 2019\",\"website\":\"https:\\\/\\\/www.glaces-bargeton.fr\\\/\",\"lat\":43.389264753942875,\"lng\":-1.66064566273615}},{\"geometry\":{\"type\":\"Point\",\"coordinates\":[-1.661510864775414,43.3884128326845]},\"type\":\"Feature\",\"id\":18,\"properties\":{\"name\":\"Maison Thurin\",\"address\":\"32 Rue L\\u00e9on Gambetta, \\r\\n64500 Saint-Jean-de-Luz\",\"phone\":\"05.59.26.05.07\",\"type\":\"boucherie\",\"excerpt\":\"Charcuterie, \\u00e9picerie fine \\u00e0 Saint Jean de Luz\",\"website\":\"https:\\\/\\\/www.maisonthurin.fr\\\/\",\"lat\":43.3884128326845,\"lng\":-1.661510864775414}},{\"geometry\":{\"type\":\"Point\",\"coordinates\":[-1.6840687917621,43.39134409603409]},\"type\":\"Feature\",\"id\":19,\"properties\":{\"name\":\"Egiategia\",\"address\":\"5Bis Chem. des Blocs, \\r\\n64500 Ciboure\",\"phone\":\"05.59.54.92.27\",\"type\":\"vin\",\"excerpt\":\"Un vin original r\\u00e9alis\\u00e9 avec une technique uniqe au monde : le vin est vinifi\\u00e9 sous\\r\\nl'oc\\u00e9an \\u00e0 15 m\\u00e8tres de profondeur dans la baie de Saint-Jean-de-Luz - Ciboure.\",\"website\":\"https:\\\/\\\/boutique-egiategia.com\\\/\",\"lat\":43.39134409603409,\"lng\":-1.6840687917621}}]};\r\n\t<\/script>\r\n\t<div class=\" alignwide\">\r\n\t\t<div class=\"partners-container\">\r\n\t\t\t<div id=\"partners-map\" data-lat=\"43.389911035282\" data-lng=\"-1.6622143399678\" data-zoom=\"16\"><\/div>\t\r\n\t\t\t<div id=\"distributeur-result-container\">\r\n\t\t\t\t<form>\r\n\t\t\t\t\r\n\t\t\t\t<\/form>\r\n\t\t\t\t<div id=\"distributeur-result-list\">\r\n\t\t\t\t\t\t\t\t\t\t\t<article style=\"display: none;\">\r\n\t\t\t\t\t\t\t<h3>Erdiko<\/h3>\r\n\t\t\t\t\t\t\t<!--<address>Pl. Maurice Ravel, <br \/>\r\n64500 Saint-Jean-de-Luz<\/address>-->\r\n\t\t\t\t\t\t\t<p>Bar \u00e0 Tapas et gourmandises<\/p>\r\n\t\t\t\t\t\t\t<span class=\"phone\">05.59.51.51.29<\/span>\r\n\t\t\t\t\t\t<\/article>\t\r\n\t\t\t\t\t\t\t\t\t\t\t<article style=\"display: none;\">\r\n\t\t\t\t\t\t\t<h3>Le Kaiku<\/h3>\r\n\t\t\t\t\t\t\t<!--<address>17 Rue de la R\u00e9publique, <br \/>\r\n64500 Saint-Jean-de-Luz<\/address>-->\r\n\t\t\t\t\t\t\t<p>Gastronomique<\/p>\r\n\t\t\t\t\t\t\t<span class=\"phone\">05.59.26.13.20<\/span>\r\n\t\t\t\t\t\t<\/article>\t\r\n\t\t\t\t\t\t\t\t\t\t\t<article style=\"display: none;\">\r\n\t\t\t\t\t\t\t<h3>Xaya<\/h3>\r\n\t\t\t\t\t\t\t<!--<address>5 Rue Saint-Jean, <br \/>\r\n64500 Saint-Jean-de-Luz<\/address>-->\r\n\t\t\t\t\t\t\t<p>Cuisine du march\u00e9\/ raffin\u00e9e et locale<\/p>\r\n\t\t\t\t\t\t\t<span class=\"phone\">05.59.47.75.48<\/span>\r\n\t\t\t\t\t\t<\/article>\t\r\n\t\t\t\t\t\t\t\t\t\t\t<article style=\"display: none;\">\r\n\t\t\t\t\t\t\t<h3>Istincts<\/h3>\r\n\t\t\t\t\t\t\t<!--<address>20 Rue Joseph Garat, <br \/>\r\n64500 Saint-Jean-de-Luz<\/address>-->\r\n\t\t\t\t\t\t\t<p>Cuisine d\u2019auteur &#8211; N\u00e9o bistrot<\/p>\r\n\t\t\t\t\t\t\t<span class=\"phone\">05.59.24.66.98<\/span>\r\n\t\t\t\t\t\t<\/article>\t\r\n\t\t\t\t\t\t\t\t\t\t\t<article style=\"display: none;\">\r\n\t\t\t\t\t\t\t<h3>Piper Beltz<\/h3>\r\n\t\t\t\t\t\t\t<!--<address>29 Rue Joseph Garat, <br \/>\r\n64500 Saint-Jean-de-Luz<\/address>-->\r\n\t\t\t\t\t\t\t<p>Cr\u00eaperie<\/p>\r\n\t\t\t\t\t\t\t<span class=\"phone\">05.59.24.46.32<\/span>\r\n\t\t\t\t\t\t<\/article>\t\r\n\t\t\t\t\t\t\t\t\t\t\t<article style=\"display: none;\">\r\n\t\t\t\t\t\t\t<h3>Bodega Chez Kako<\/h3>\r\n\t\t\t\t\t\t\t<!--<address>18 Rue du Mar\u00e9chal Harispe, <br \/>\r\n64500 Saint-Jean-de-Luz<\/address>-->\r\n\t\t\t\t\t\t\t<p>Restaurant du terroir<\/p>\r\n\t\t\t\t\t\t\t<span class=\"phone\">05.59.85.10.70<\/span>\r\n\t\t\t\t\t\t<\/article>\t\r\n\t\t\t\t\t\t\t\t\t\t\t<article style=\"display: none;\">\r\n\t\t\t\t\t\t\t<h3>La Bo\u00ebte<\/h3>\r\n\t\t\t\t\t\t\t<!--<address>3 Rue Jean Bague, <br \/>\r\n64500 Saint-Jean-de-Luz<\/address>-->\r\n\t\t\t\t\t\t\t<p>Poisson\/Crustac\u00e9s\/Fruits de mer<\/p>\r\n\t\t\t\t\t\t\t<span class=\"phone\">05.59.22.54.76<\/span>\r\n\t\t\t\t\t\t<\/article>\t\r\n\t\t\t\t\t\t\t\t\t\t\t<article style=\"display: none;\">\r\n\t\t\t\t\t\t\t<h3>Alma<\/h3>\r\n\t\t\t\t\t\t\t<!--<address>6 Rue du 17 Pluvi\u00f4se, <br \/>\r\n64500 Saint-Jean-de-Luz<\/address>-->\r\n\t\t\t\t\t\t\t<p>Bistronomie<\/p>\r\n\t\t\t\t\t\t\t<span class=\"phone\">09.83.66.89.87<\/span>\r\n\t\t\t\t\t\t<\/article>\t\r\n\t\t\t\t\t\t\t\t\t\t\t<article style=\"display: none;\">\r\n\t\t\t\t\t\t\t<h3>Le Xistera<\/h3>\r\n\t\t\t\t\t\t\t<!--<address>1 Rue Renau d'Elissagaray, <br \/>\r\n64500 Saint-Jean-de-Luz<\/address>-->\r\n\t\t\t\t\t\t\t<p>Cuisine du march\u00e9<\/p>\r\n\t\t\t\t\t\t\t<span class=\"phone\">05.54.61.70.14<\/span>\r\n\t\t\t\t\t\t<\/article>\t\r\n\t\t\t\t\t\t\t\t\t\t\t<article style=\"display: none;\">\r\n\t\t\t\t\t\t\t<h3>Bellini<\/h3>\r\n\t\t\t\t\t\t\t<!--<address>31 Rue Martin de Sopite, <br \/>\r\n64500 Saint-Jean-de-Luz<\/address>-->\r\n\t\t\t\t\t\t\t<p>Restaurant Traditionnel Italien (produits frais)<\/p>\r\n\t\t\t\t\t\t\t<span class=\"phone\">05.59.26.30.10<\/span>\r\n\t\t\t\t\t\t<\/article>\t\r\n\t\t\t\t\t\t\t\t\t\t\t<article style=\"display: none;\">\r\n\t\t\t\t\t\t\t<h3>Chez Pablo<\/h3>\r\n\t\t\t\t\t\t\t<!--<address>5 Rue Mademoiselle Etcheto, <br \/>\r\n64500 Saint-Jean-de-Luz<\/address>-->\r\n\t\t\t\t\t\t\t<p>Cuisine Basque traditionnelle<\/p>\r\n\t\t\t\t\t\t\t<span class=\"phone\">05.59.26.37.81<\/span>\r\n\t\t\t\t\t\t<\/article>\t\r\n\t\t\t\t\t\t\t\t\t\t\t<article style=\"display: none;\">\r\n\t\t\t\t\t\t\t<h3>L\u2019essentiel<\/h3>\r\n\t\t\t\t\t\t\t<!--<address>3 Rue Vincent Barjonnet, <br \/>\r\n64500 Saint-Jean-de-Luz<\/address>-->\r\n\t\t\t\t\t\t\t<p>Brasserie Gastronomique<\/p>\r\n\t\t\t\t\t\t\t<span class=\"phone\">05.47.02.41.47<\/span>\r\n\t\t\t\t\t\t<\/article>\t\r\n\t\t\t\t\t\t\t\t\t\t\t<article style=\"display: none;\">\r\n\t\t\t\t\t\t\t<h3>Bidaian<\/h3>\r\n\t\t\t\t\t\t\t<!--<address>20 Rue de la Baleine, <br \/>\r\n64500 Saint-Jean-de-Luz<\/address>-->\r\n\t\t\t\t\t\t\t<p>Mini restaurant Gastronomique<\/p>\r\n\t\t\t\t\t\t\t<span class=\"phone\">06.68.86.11.56<\/span>\r\n\t\t\t\t\t\t<\/article>\t\r\n\t\t\t\t\t\t\t\t\t\t\t<article style=\"display: none;\">\r\n\t\t\t\t\t\t\t<h3>Zoko Moko<\/h3>\r\n\t\t\t\t\t\t\t<!--<address>6 Rue Mazarin, <br \/>\r\n64500 Saint-Jean-de-Luz<\/address>-->\r\n\t\t\t\t\t\t\t<p>Sobre et Classique saveur Basque et Marine<\/p>\r\n\t\t\t\t\t\t\t<span class=\"phone\">05.59.08.01.23<\/span>\r\n\t\t\t\t\t\t<\/article>\t\r\n\t\t\t\t\t\t\t\t\t\t\t<article style=\"display: none;\">\r\n\t\t\t\t\t\t\t<h3>Chez Mattin<\/h3>\r\n\t\t\t\t\t\t\t<!--<address>63 Rue Evariste Baignol, <br \/>\r\n64500 Ciboure<\/address>-->\r\n\t\t\t\t\t\t\t<p>Cuisine Traditionnelle soign\u00e9e Terre\/Mer<\/p>\r\n\t\t\t\t\t\t\t<span class=\"phone\">05.59.47.19.52<\/span>\r\n\t\t\t\t\t\t<\/article>\t\r\n\t\t\t\t\t\t\t\t\t\t\t<article style=\"display: none;\">\r\n\t\t\t\t\t\t\t<h3>Maison Adam<\/h3>\r\n\t\t\t\t\t\t\t<!--<address>49 Rue L\u00e9on Gambetta, <br \/>\r\n64500 Saint-Jean-de-Luz<\/address>-->\r\n\t\t\t\t\t\t\t<p>Depuis 360 ans, au c\u0153ur de la demeure familiale, le secret de fabrication des macarons\r\nAdam se transmet oralement de g\u00e9n\u00e9ration en g\u00e9n\u00e9ration.<\/p>\r\n\t\t\t\t\t\t\t<span class=\"phone\">05.59.26.03.54<\/span>\r\n\t\t\t\t\t\t<\/article>\t\r\n\t\t\t\t\t\t\t\t\t\t\t<article style=\"display: none;\">\r\n\t\t\t\t\t\t\t<h3>Maison Paries<\/h3>\r\n\t\t\t\t\t\t\t<!--<address>9 Rue L\u00e9on Gambetta, <br \/>\r\n64500 Saint-Jean-de-Luz<\/address>-->\r\n\t\t\t\t\t\t\t<p>La Maison Pari\u00e8s est un symbole de la patisserie et des gourmandises \u00e0 Saint-Jean-de-\r\nLuz. Install\u00e9 dans la rue pi\u00e9tonne, elle propose des mouchous, kanougas, chocolats, des\r\ng\u00e2teaux basques aux recettes originales&#8230;<\/p>\r\n\t\t\t\t\t\t\t<span class=\"phone\">05.59.26.01.46<\/span>\r\n\t\t\t\t\t\t<\/article>\t\r\n\t\t\t\t\t\t\t\t\t\t\t<article style=\"display: none;\">\r\n\t\t\t\t\t\t\t<h3>Glace Bargeton<\/h3>\r\n\t\t\t\t\t\t\t<!--<address>23 Rue Joseph Garat, <br \/>\r\n64500 Saint-Jean-de-Luz<\/address>-->\r\n\t\t\t\t\t\t\t<p>Sp\u00e9cialis\u00e9s dans la fabrication de cr\u00e8mes glac\u00e9es, sorbets et p\u00e2tisseries glac\u00e9es, toutes\r\nles pr\u00e9parations sont r\u00e9alis\u00e9es dans notre laboratoire de production sur place. MOF,\r\nchampion du monde glacier 2003, meilleure glace \u00e0 la vanille de France en 2019<\/p>\r\n\t\t\t\t\t\t\t<span class=\"phone\">05.54.61.76,69<\/span>\r\n\t\t\t\t\t\t<\/article>\t\r\n\t\t\t\t\t\t\t\t\t\t\t<article style=\"display: none;\">\r\n\t\t\t\t\t\t\t<h3>Maison Thurin<\/h3>\r\n\t\t\t\t\t\t\t<!--<address>32 Rue L\u00e9on Gambetta, <br \/>\r\n64500 Saint-Jean-de-Luz<\/address>-->\r\n\t\t\t\t\t\t\t<p>Charcuterie, \u00e9picerie fine \u00e0 Saint Jean de Luz<\/p>\r\n\t\t\t\t\t\t\t<span class=\"phone\">05.59.26.05.07<\/span>\r\n\t\t\t\t\t\t<\/article>\t\r\n\t\t\t\t\t\t\t\t\t\t\t<article style=\"display: none;\">\r\n\t\t\t\t\t\t\t<h3>Egiategia<\/h3>\r\n\t\t\t\t\t\t\t<!--<address>5Bis Chem. des Blocs, <br \/>\r\n64500 Ciboure<\/address>-->\r\n\t\t\t\t\t\t\t<p>Un vin original r\u00e9alis\u00e9 avec une technique uniqe au monde : le vin est vinifi\u00e9 sous\r\nl&#8217;oc\u00e9an \u00e0 15 m\u00e8tres de profondeur dans la baie de Saint-Jean-de-Luz &#8211; Ciboure.<\/p>\r\n\t\t\t\t\t\t\t<span class=\"phone\">05.59.54.92.27<\/span>\r\n\t\t\t\t\t\t<\/article>\t\r\n\t\t\t\t\t\t\t\t\t<\/div>\r\n\t\t\t<\/div>\r\n\t\t<\/div>\r\n\t<\/div>\r\n\t\r\n<\/div><\/section>\n","protected":false},"excerpt":{"rendered":"<p>Our local partners Meeting the region&#8217;s talents Discover our selection of local restaurants and artisans, true ambassadors of the know-how and flavors of Saint-Jean-de-Luz. An invitation to experience Basque authenticity.<\/p>\n","protected":false},"author":1,"featured_media":632,"parent":0,"menu_order":0,"comment_status":"closed","ping_status":"closed","template":"","meta":{"_acf_changed":false,"_seopress_robots_primary_cat":"","_seopress_titles_title":"","_seopress_titles_desc":"","_seopress_robots_index":"","pgc_sgb_lightbox_settings":"","footnotes":""},"class_list":["post-1533","page","type-page","status-publish","has-post-thumbnail","hentry"],"acf":[],"_links":{"self":[{"href":"https:\/\/www.hoteldelaplage.com\/en\/wp-json\/wp\/v2\/pages\/1533","targetHints":{"allow":["GET"]}}],"collection":[{"href":"https:\/\/www.hoteldelaplage.com\/en\/wp-json\/wp\/v2\/pages"}],"about":[{"href":"https:\/\/www.hoteldelaplage.com\/en\/wp-json\/wp\/v2\/types\/page"}],"author":[{"embeddable":true,"href":"https:\/\/www.hoteldelaplage.com\/en\/wp-json\/wp\/v2\/users\/1"}],"replies":[{"embeddable":true,"href":"https:\/\/www.hoteldelaplage.com\/en\/wp-json\/wp\/v2\/comments?post=1533"}],"version-history":[{"count":1,"href":"https:\/\/www.hoteldelaplage.com\/en\/wp-json\/wp\/v2\/pages\/1533\/revisions"}],"predecessor-version":[{"id":1534,"href":"https:\/\/www.hoteldelaplage.com\/en\/wp-json\/wp\/v2\/pages\/1533\/revisions\/1534"}],"wp:featuredmedia":[{"embeddable":true,"href":"https:\/\/www.hoteldelaplage.com\/en\/wp-json\/wp\/v2\/media\/632"}],"wp:attachment":[{"href":"https:\/\/www.hoteldelaplage.com\/en\/wp-json\/wp\/v2\/media?parent=1533"}],"curies":[{"name":"wp","href":"https:\/\/api.w.org\/{rel}","templated":true}]}}